{"id":4380,"date":"2023-04-27T09:05:57","date_gmt":"2023-04-27T06:05:57","guid":{"rendered":"https:\/\/arabianpalvelu.fi\/yhteispihat\/"},"modified":"2023-07-03T11:22:16","modified_gmt":"2023-07-03T08:22:16","slug":"gemensamma-gardar","status":"publish","type":"page","link":"https:\/\/arabianpalvelu.fi\/sv\/gemensamma-gardar\/","title":{"rendered":"Kollektiva g\u00e5rdarna"},"content":{"rendered":"\r\n\r\n<section class=\"hero site-banner banner-bg-image section-default default alignfull image\">\r\n\r\n    <div class=\"site-banner-bg section-bg-image \" >\r\n\r\n        <img loading=\"lazy\" decoding=\"async\" width=\"1920\" height=\"1440\" src=\"https:\/\/arabianpalvelu.fi\/wp-content\/uploads\/2023\/04\/arabianranta-05.jpg\" class=\"attachment-1536\u00d71536 size-1536\u00d71536\" alt=\"\" srcset=\"https:\/\/arabianpalvelu.fi\/wp-content\/uploads\/2023\/04\/arabianranta-05.jpg 1920w, https:\/\/arabianpalvelu.fi\/wp-content\/uploads\/2023\/04\/arabianranta-05-300x225.jpg 300w, https:\/\/arabianpalvelu.fi\/wp-content\/uploads\/2023\/04\/arabianranta-05-1024x768.jpg 1024w, https:\/\/arabianpalvelu.fi\/wp-content\/uploads\/2023\/04\/arabianranta-05-768x576.jpg 768w, https:\/\/arabianpalvelu.fi\/wp-content\/uploads\/2023\/04\/arabianranta-05-1536x1152.jpg 1536w\" sizes=\"auto, (max-width: 1920px) 100vw, 1920px\" \/>\r\n        \r\n            <div class=\"site-banner-content container \">\r\n                <div class=\"row w-100\">\r\n                    <div class=\"col-md-12\">\r\n\r\n                        <h1 class=\"hero-title\">Kollektiva g\u00e5rdarna<\/h1><div class=\"inner-content\">\r\n                            <div class=\"acf-innerblocks-container\"><\/div>\r\n                        <\/div>                    <\/div>\r\n                <\/div>\r\n            <\/div>\r\n        \r\n        <\/div><\/section>\n\n<div class=\"image-and-text wp-block has-media-on-the-right shadow\">\r\n<div class=\"row rounded\">\r\n    <div class=\"col-12 col-md-6 image-col\">\r\n\r\n        <img loading=\"lazy\" decoding=\"async\" width=\"500\" height=\"500\" src=\"https:\/\/arabianpalvelu.fi\/wp-content\/uploads\/2023\/04\/yhteispihat-uai-500x500-1.jpg\" class=\"attachment-large size-large\" alt=\"\" srcset=\"https:\/\/arabianpalvelu.fi\/wp-content\/uploads\/2023\/04\/yhteispihat-uai-500x500-1.jpg 500w, https:\/\/arabianpalvelu.fi\/wp-content\/uploads\/2023\/04\/yhteispihat-uai-500x500-1-300x300.jpg 300w, https:\/\/arabianpalvelu.fi\/wp-content\/uploads\/2023\/04\/yhteispihat-uai-500x500-1-150x150.jpg 150w\" sizes=\"auto, (max-width: 500px) 100vw, 500px\" \/>    <\/div>\r\n\r\n    <div class=\"col-12 col-md-6 text-col\"><div class=\"acf-innerblocks-container\">\n\n<p>De kollektiva g\u00e5rdarna \u00e4gs av alla Arabian Palvelus husbolag, och d\u00e4rf\u00f6r \u00e4r de avsedda att anv\u00e4ndas gemensamt av de boende. Det betyder att som inv\u00e4nare har ni r\u00e4ttighet att vistas p\u00e5 vilken g\u00e5rd ni vill.<\/p>\n\n\n\n<p>I stil med \u00f6vriga Arabiastranden, har vi placerat konstverk p\u00e5 g\u00e5rdarna. Som v\u00e4xter har valts utom prydnadsv\u00e4xter \u00e4ven nyttov\u00e4xter, som t.ex. b\u00e4rbuskar. B\u00e4r och andra nyttov\u00e4xter f\u00e5r inv\u00e5narna plocka och utnyttja fritt.<\/p>\n\n<\/div>\r\n<\/div>\r\n<\/div>\r\n<\/div>\n\n<div class=\"image-and-text wp-block is-style-default has-media-on-the-left shadow\">\r\n<div class=\"row rounded\">\r\n    <div class=\"col-12 col-md-6 image-col\">\r\n\r\n        <img loading=\"lazy\" decoding=\"async\" width=\"800\" height=\"534\" src=\"https:\/\/arabianpalvelu.fi\/wp-content\/uploads\/2023\/04\/arabian-palvelut-8-1024x683.jpg\" class=\"attachment-large size-large\" alt=\"\" srcset=\"https:\/\/arabianpalvelu.fi\/wp-content\/uploads\/2023\/04\/arabian-palvelut-8-1024x683.jpg 1024w, https:\/\/arabianpalvelu.fi\/wp-content\/uploads\/2023\/04\/arabian-palvelut-8-300x200.jpg 300w, https:\/\/arabianpalvelu.fi\/wp-content\/uploads\/2023\/04\/arabian-palvelut-8-768x512.jpg 768w, https:\/\/arabianpalvelu.fi\/wp-content\/uploads\/2023\/04\/arabian-palvelut-8-1536x1024.jpg 1536w, https:\/\/arabianpalvelu.fi\/wp-content\/uploads\/2023\/04\/arabian-palvelut-8.jpg 1920w\" sizes=\"auto, (max-width: 800px) 100vw, 800px\" \/>    <\/div>\r\n\r\n    <div class=\"col-12 col-md-6 text-col has-background has-arabian-blue-background-color\"><div class=\"acf-innerblocks-container\">\n\n<p class=\"has-white-color has-text-color\">Arabian Palvelu Oy har uppf\u00f6rt Kollektiva g\u00e5rdarna. Sk\u00f6tsel och service ansvaras av MAK Oy genom ett samarbetsavtal. Om du uppt\u00e4cker brister eller n\u00e5gonting att \u00e5tg\u00e4rdas p\u00e5 de kollektiva g\u00e5rdarna, till exempel i gr\u00f6nstrukturen eller lekredskapen, kontakta direkt MAK Oy. I fr\u00e5gor g\u00e4llande konstverken&nbsp; kontakta Arabian Palvelus VD.<\/p>\n\n<\/div>\r\n<\/div>\r\n<\/div>\r\n<\/div>\n\n\n<div class=\"wp-block-columns is-layout-flex wp-container-core-columns-is-layout-9d6595d7 wp-block-columns-is-layout-flex\">\n<div class=\"wp-block-column is-layout-flow wp-block-column-is-layout-flow\">\n<h2 class=\"wp-block-heading\">Passage genom kollektiva g\u00e5rdar<\/h2>\n\n\n\n<p>Det g\u00e5r en passage genom alla kollektiva g\u00e5rdar. I planfasen best\u00e4mdes att&nbsp; passagen kunde anv\u00e4ndas f\u00f6r underh\u00e5ll av g\u00e5rdarna, avfallstransport, bevakning och transport av sv\u00e5rtransporterade personer\/varor vid f\u00f6ljande behov:<\/p>\n\n\n\n<p>\u2013 K\u00f6rning ansluten till underh\u00e5ll eller bevakning av fastigheten, fastighetens byggnader, lokaler och anl\u00e4ggningar, d\u00e5 det \u00e4r n\u00f6dv\u00e4ndigt.<\/p>\n\n\n\n<p>\u2013 Distributionstrafik och transport av varor som p\u00e5 grund av deras tyngd eller annat s\u00e4rskilt sk\u00e4l inte rimligen kan f\u00f6rv\u00e4ntas bli burna f\u00f6r hand.<\/p>\n\n\n\n<p>\u2013 Transport av person vars funktions-, r\u00f6relse- eller orienteringsf\u00f6rm\u00e5ga \u00e4r nedsatt p\u00e5 grund av \u00e5lder, skada, sjukdom eller andra orsaker.<\/p>\n\n\n\n<p>\u2013 Transport av barn d\u00e5 en vuxen person har att \u00f6vervaka mer \u00e4n ett barn under 7 \u00e5r.<\/p>\n\n\n\n<p>\u2013 H\u00e4mtning och avl\u00e4gsning med taxi.<\/p>\n\n\n\n<p>\u2013 Framf\u00f6rande av fordon d\u00e5 f\u00f6raren \u00e4r r\u00f6relsehindrad.<\/p>\n\n\n\n<p>Servicepassagen fungerar utan undantag \u00e4ven som r\u00e4ddningsv\u00e4g f\u00f6r r\u00e4ddningstj\u00e4nsten och deras anv\u00e4ndning f\u00e5r under inga omst\u00e4ndigheter f\u00f6rhindras, till exempel genom att parkera bilen p\u00e5 r\u00e4ddningsv\u00e4gen eller p\u00e5 annat s\u00e4tt.<\/p>\n<\/div>\n\n\n\n<div class=\"wp-block-column is-layout-flow wp-block-column-is-layout-flow\">\n<p><strong>De gemensamma g\u00e5rdarna i norra omr\u00e5det:<\/strong><\/p>\n\n\n\n<p>Aavikkotuulen piha&nbsp;(\u00f6kenvindens g\u00e5rd),&nbsp;Auringonnousun piha&nbsp;(soluppg\u00e5ngens g\u00e5rd) och&nbsp;V\u00e4rien piha&nbsp;(f\u00e4rgernas g\u00e5rd).<\/p>\n\n\n\n<p><strong>De gemensamma g\u00e5rdarna i mellersta omr\u00e5det:<\/strong><\/p>\n\n\n\n<p>Rantaviivan piha&nbsp;(strandlinjens g\u00e5rd),&nbsp;Puhuvien seinien piha&nbsp;(de talande v\u00e4ggarnas g\u00e5rd),&nbsp;Keraamikkojen piha&nbsp;(keramikernas g\u00e5rd),&nbsp;Kotipes\u00e4n piha&nbsp;(hemlandets g\u00e5rd) och&nbsp;Merenlahden piha&nbsp;(havsvikens g\u00e5rd).<\/p>\n\n\n\n<p>De gemensamma g\u00e5rdarna i s\u00f6dra omr\u00e5det:<\/p>\n\n\n\n<p>Heijastuksen piha&nbsp;(reflexens g\u00e5rd),&nbsp;Aistien piha&nbsp;(sinnenas g\u00e5rd),&nbsp;Kasvun piha&nbsp;(v\u00e4xtlighetens g\u00e5rd),&nbsp;Liikkeen piha&nbsp;(r\u00f6relsens g\u00e5rd) och&nbsp;Hiljentymisen piha&nbsp;(tystnadens g\u00e5rd).<\/p>\n<\/div>\n<\/div>\n","protected":false},"excerpt":{"rendered":"<p>Passage genom kollektiva g\u00e5rdar Det g\u00e5r en passage genom alla kollektiva g\u00e5rdar. I planfasen best\u00e4mdes att&nbsp; passagen kunde anv\u00e4ndas f\u00f6r underh\u00e5ll av g\u00e5rdarna, avfallstransport, bevakning och transport av sv\u00e5rtransporterade personer\/varor vid f\u00f6ljande behov: \u2013 K\u00f6rning ansluten till underh\u00e5ll eller bevakning av fastigheten, fastighetens byggnader, lokaler och anl\u00e4ggningar, d\u00e5 det \u00e4r n\u00f6dv\u00e4ndigt. \u2013 Distributionstrafik och transport [&hellip;]<\/p>\n","protected":false},"author":1,"featured_media":0,"parent":0,"menu_order":0,"comment_status":"closed","ping_status":"closed","template":"","meta":{"_acf_changed":false,"footnotes":""},"class_list":["post-4380","page","type-page","status-publish","hentry"],"acf":[],"aioseo_notices":[],"_links":{"self":[{"href":"https:\/\/arabianpalvelu.fi\/sv\/wp-json\/wp\/v2\/pages\/4380","targetHints":{"allow":["GET"]}}],"collection":[{"href":"https:\/\/arabianpalvelu.fi\/sv\/wp-json\/wp\/v2\/pages"}],"about":[{"href":"https:\/\/arabianpalvelu.fi\/sv\/wp-json\/wp\/v2\/types\/page"}],"author":[{"embeddable":true,"href":"https:\/\/arabianpalvelu.fi\/sv\/wp-json\/wp\/v2\/users\/1"}],"replies":[{"embeddable":true,"href":"https:\/\/arabianpalvelu.fi\/sv\/wp-json\/wp\/v2\/comments?post=4380"}],"version-history":[{"count":0,"href":"https:\/\/arabianpalvelu.fi\/sv\/wp-json\/wp\/v2\/pages\/4380\/revisions"}],"wp:attachment":[{"href":"https:\/\/arabianpalvelu.fi\/sv\/wp-json\/wp\/v2\/media?parent=4380"}],"curies":[{"name":"wp","href":"https:\/\/api.w.org\/{rel}","templated":true}]}}